{"id":5622,"date":"2022-12-02T15:50:40","date_gmt":"2022-12-02T14:50:40","guid":{"rendered":"https:\/\/salvida.host12.am0n.com\/aerzte-therapeuten\/dr-rui-feteira\/"},"modified":"2025-05-06T18:43:44","modified_gmt":"2025-05-06T16:43:44","slug":"dr-rui-feteira","status":"publish","type":"aertze","link":"https:\/\/www.salvida.at\/en\/doctors\/dr-rui-feteira\/","title":{"rendered":"Dr. Rui Feteira"},"content":{"rendered":"\n<p>Mit meiner Erfahrung behandle und begleite ich Sie auf dem Weg zur Schmerzfreiheit. In meiner unfallchirurgischen und orthop\u00e4dischen Ausbildung habe ich mich t\u00e4glich mit Sportunf\u00e4llen sowie mit orthop\u00e4dischen degenerativen Krankheiten besch\u00e4ftigt. Abgesehen von einer breit gef\u00e4cherten konservativen und operativen Versorgung, habe ich in der H\u00fcft- und Kniechirurgie besonderes Interesse entwickelt. Mit den im Inland und Ausland erlernten, modernen, minimal-invasiven Techniken versuche ich die beste und individuell optimale Versorgung anzubieten.<\/p>\n\n\n\n<ul class=\"wp-block-list\">\n<li>Facharztausbildung f\u00fcr Orthop\u00e4die und Traumatologie am Phyrn-Eisenwurzen Klinikum in Kirchdorf<\/li>\n\n\n\n<li>Oberarzt f\u00fcr Orthop\u00e4die und Traumatologie am Phyrn-Eisenwurzen Klinikum in Kirchdorf<\/li>\n\n\n\n<li>2016 Kurs in der Knorpelchirurgie des Kniegelenks in Frankfurt<\/li>\n\n\n\n<li>2017 Kurs in der Analyse und Korrektur von Beindeformit\u00e4ten in der Schweiz<\/li>\n\n\n\n<li>2018 Kurs in der Knieendoprothetik in Stolzalpe (\u00d6sterreich) Schweiz<\/li>\n\n\n\n<li>2019 Zertifikat f\u00fcr Fu\u00dfchirurgie von der Deutschen Gesellschaft f\u00fcr Fu\u00df und SPG Chirurgie<\/li>\n\n\n\n<li>2021 Kurs f\u00fcr minimalinvasive H\u00fcft Endoprothetik in M\u00f6dling (\u00d6sterreich)<\/li>\n\n\n\n<li>2022 Kurs f\u00fcr H\u00fcftarthroskopie Base (Schweiz)<\/li>\n<\/ul>\n\n\n\n<div style=\"height:29px\" aria-hidden=\"true\" class=\"wp-block-spacer\"><\/div>\n\n\n\n<div class=\"wp-block-columns is-layout-flex wp-container-core-columns-is-layout-28f84493 wp-block-columns-is-layout-flex\">\n<div class=\"wp-block-column is-layout-flow wp-block-column-is-layout-flow\">\n<h3 class=\"wp-block-heading\">LEISTUNGEN<\/h3>\n\n\n\n<p><\/p>\n\n\n\n<h4 class=\"wp-block-heading\"><strong>Knie<\/strong><\/h4>\n\n\n\n<ul class=\"wp-block-list\">\n<li>Minimal-invasive Gelenkspiegelungen (Meniskus-, Kreuzband oder sonstige Verletzungen)<\/li>\n\n\n\n<li>Korrektur-Operationen bei Kniescheibenverletzungen<\/li>\n\n\n\n<li>Korrektur-Operationen bei O und X-Bein-Fehlstellungen<\/li>\n\n\n\n<li>Minimanl-invasive Knorpelaufbautherapie und -transplantation<\/li>\n\n\n\n<li>Implantation von Knie Total- und Teil-Endoprothesen<\/li>\n\n\n\n<li>Konservative Behandlungsmethoden<\/li>\n<\/ul>\n\n\n\n<p><\/p>\n\n\n\n<p><strong>Hand<\/strong><\/p>\n\n\n\n<ul class=\"wp-block-list\">\n<li>CTS<\/li>\n\n\n\n<li>Ringband-Spaltung<\/li>\n\n\n\n<li>M. Dupuytren<\/li>\n\n\n\n<li>Ganglion<br><\/li>\n<\/ul>\n\n\n\n<p><\/p>\n\n\n\n<h4 class=\"wp-block-heading\"><strong>Fu\u00df<\/strong><\/h4>\n\n\n\n<ul class=\"wp-block-list\">\n<li>Minimal-invasive Gelenksspiegelungen (Einklemmungen, freie Gelenksk\u00f6rper)<\/li>\n\n\n\n<li>Korrektur Operationen (Hallux-Deformit\u00e4ten, Hammerzehen)<\/li>\n\n\n\n<li>Konservative Behandlungsmethoden<\/li>\n<\/ul>\n\n\n\n<p><\/p>\n\n\n\n<h4 class=\"wp-block-heading\"><strong>Wirbels\u00e4ule<\/strong><\/h4>\n\n\n\n<ul class=\"wp-block-list\">\n<li>Konservative Behandlungsmethoden<\/li>\n\n\n\n<li>Infiltrationen<\/li>\n<\/ul>\n\n\n\n<div style=\"height:44px\" aria-hidden=\"true\" class=\"wp-block-spacer\"><\/div>\n<\/div>\n\n\n\n<div class=\"wp-block-column is-layout-flow wp-block-column-is-layout-flow\">\n<h3 class=\"wp-block-heading\">SONSTIGES<\/h3>\n\n\n\n<h4 class=\"wp-block-heading\">Aus- und Weiterbildungen<\/h4>\n\n\n\n<p>siehe Biografie<\/p>\n\n\n\n<p><\/p>\n\n\n\n<h4 class=\"wp-block-heading\">Mitgliedschaften<\/h4>\n\n\n\n<ul class=\"wp-block-list\">\n<li>\u00d6sterreichische Gesellschaft f\u00fcr Unfallchirurgie <\/li>\n\n\n\n<li>\u00d6sterreichische Gesellschaft f\u00fcr Orthop\u00e4die und orthop\u00e4dische Chirurgie <\/li>\n\n\n\n<li>Gesellschaft f\u00fcr Arthroskopie und Gelenkchirurgie <\/li>\n\n\n\n<li>European Specialists Core Curriculum <\/li>\n\n\n\n<li>Gesellschaft f\u00fcr Fu\u00df- und Sprunggelenkchirurgie <\/li>\n<\/ul>\n\n\n\n<p><\/p>\n\n\n\n<h4 class=\"wp-block-heading\">Aktuelles<\/h4>\n\n\n\n<p>Ultraschallgezielte Infiltration von Gelenken bei Arthrosen mit Hyalurons\u00e4ure und k\u00f6rpereigenem Plasma<\/p>\n\n\n\n<p><\/p>\n<\/div>\n<\/div>\n","protected":false},"excerpt":{"rendered":"<p>Mit meiner Erfahrung behandle und begleite ich Sie auf dem Weg zur Schmerzfreiheit. In meiner unfallchirurgischen und orthop\u00e4dischen Ausbildung habe ich mich t\u00e4glich mit Sportunf\u00e4llen sowie mit orthop\u00e4dischen degenerativen Krankheiten besch\u00e4ftigt. Abgesehen von einer breit gef\u00e4cherten konservativen und operativen Versorgung, habe ich in der H\u00fcft- und Kniechirurgie besonderes Interesse entwickelt. Mit den im Inland und [&hellip;]<\/p>\n","protected":false},"featured_media":5624,"parent":0,"template":"","meta":[],"class_list":["post-5622","aertze","type-aertze","status-publish","has-post-thumbnail","hentry"],"yoast_head":"<!-- This site is optimized with the Yoast SEO plugin v27.5 - https:\/\/yoast.com\/product\/yoast-seo-wordpress\/ -->\n<title>Dr. Rui Feteira - Salvida - Zentrum f\u00fcr Gesundheit<\/title>\n<meta name=\"robots\" content=\"index, follow, max-snippet:-1, max-image-preview:large, max-video-preview:-1\" \/>\n<link rel=\"canonical\" href=\"https:\/\/www.salvida.at\/en\/doctors\/dr-rui-feteira\/\" \/>\n<meta property=\"og:locale\" content=\"en_US\" \/>\n<meta property=\"og:type\" content=\"article\" \/>\n<meta property=\"og:title\" content=\"Dr. Rui Feteira - Salvida - Zentrum f\u00fcr Gesundheit\" \/>\n<meta property=\"og:description\" content=\"Mit meiner Erfahrung behandle und begleite ich Sie auf dem Weg zur Schmerzfreiheit. In meiner unfallchirurgischen und orthop\u00e4dischen Ausbildung habe ich mich t\u00e4glich mit Sportunf\u00e4llen sowie mit orthop\u00e4dischen degenerativen Krankheiten besch\u00e4ftigt. Abgesehen von einer breit gef\u00e4cherten konservativen und operativen Versorgung, habe ich in der H\u00fcft- und Kniechirurgie besonderes Interesse entwickelt. Mit den im Inland und [&hellip;]\" \/>\n<meta property=\"og:url\" content=\"https:\/\/www.salvida.at\/en\/doctors\/dr-rui-feteira\/\" \/>\n<meta property=\"og:site_name\" content=\"Salvida - Zentrum f\u00fcr Gesundheit\" \/>\n<meta property=\"article:publisher\" content=\"https:\/\/www.facebook.com\/salvida.gesundheit\/\" \/>\n<meta property=\"article:modified_time\" content=\"2025-05-06T16:43:44+00:00\" \/>\n<meta property=\"og:image\" content=\"https:\/\/www.salvida.at\/wp-content\/uploads\/2025\/02\/Salvida_Rui-Feteira-2-scaled-1.jpg\" \/>\n\t<meta property=\"og:image:width\" content=\"2560\" \/>\n\t<meta property=\"og:image:height\" content=\"1707\" \/>\n\t<meta property=\"og:image:type\" content=\"image\/jpeg\" \/>\n<meta name=\"twitter:card\" content=\"summary_large_image\" \/>\n<script type=\"application\/ld+json\" class=\"yoast-schema-graph\">{\"@context\":\"https:\\\/\\\/schema.org\",\"@graph\":[{\"@type\":\"WebPage\",\"@id\":\"https:\\\/\\\/www.salvida.at\\\/en\\\/doctors\\\/dr-rui-feteira\\\/\",\"url\":\"https:\\\/\\\/www.salvida.at\\\/en\\\/doctors\\\/dr-rui-feteira\\\/\",\"name\":\"Dr. Rui Feteira - Salvida - Zentrum f\u00fcr Gesundheit\",\"isPartOf\":{\"@id\":\"https:\\\/\\\/www.salvida.at\\\/en\\\/#website\"},\"primaryImageOfPage\":{\"@id\":\"https:\\\/\\\/www.salvida.at\\\/en\\\/doctors\\\/dr-rui-feteira\\\/#primaryimage\"},\"image\":{\"@id\":\"https:\\\/\\\/www.salvida.at\\\/en\\\/doctors\\\/dr-rui-feteira\\\/#primaryimage\"},\"thumbnailUrl\":\"https:\\\/\\\/www.salvida.at\\\/wp-content\\\/uploads\\\/2025\\\/02\\\/Salvida_Rui-Feteira-2-scaled-1.jpg\",\"datePublished\":\"2022-12-02T14:50:40+00:00\",\"dateModified\":\"2025-05-06T16:43:44+00:00\",\"breadcrumb\":{\"@id\":\"https:\\\/\\\/www.salvida.at\\\/en\\\/doctors\\\/dr-rui-feteira\\\/#breadcrumb\"},\"inLanguage\":\"en-US\",\"potentialAction\":[{\"@type\":\"ReadAction\",\"target\":[\"https:\\\/\\\/www.salvida.at\\\/en\\\/doctors\\\/dr-rui-feteira\\\/\"]}]},{\"@type\":\"ImageObject\",\"inLanguage\":\"en-US\",\"@id\":\"https:\\\/\\\/www.salvida.at\\\/en\\\/doctors\\\/dr-rui-feteira\\\/#primaryimage\",\"url\":\"https:\\\/\\\/www.salvida.at\\\/wp-content\\\/uploads\\\/2025\\\/02\\\/Salvida_Rui-Feteira-2-scaled-1.jpg\",\"contentUrl\":\"https:\\\/\\\/www.salvida.at\\\/wp-content\\\/uploads\\\/2025\\\/02\\\/Salvida_Rui-Feteira-2-scaled-1.jpg\",\"width\":2560,\"height\":1707,\"caption\":\"||\"},{\"@type\":\"BreadcrumbList\",\"@id\":\"https:\\\/\\\/www.salvida.at\\\/en\\\/doctors\\\/dr-rui-feteira\\\/#breadcrumb\",\"itemListElement\":[{\"@type\":\"ListItem\",\"position\":1,\"name\":\"Startseite\",\"item\":\"https:\\\/\\\/www.salvida.at\\\/en\\\/\"},{\"@type\":\"ListItem\",\"position\":2,\"name\":\"\u00c4rtze & Therapeuten\",\"item\":\"https:\\\/\\\/www.salvida.at\\\/en\\\/doctors\\\/\"},{\"@type\":\"ListItem\",\"position\":3,\"name\":\"Dr. Rui Feteira\"}]},{\"@type\":\"WebSite\",\"@id\":\"https:\\\/\\\/www.salvida.at\\\/en\\\/#website\",\"url\":\"https:\\\/\\\/www.salvida.at\\\/en\\\/\",\"name\":\"Salvida - Zentrum f\u00fcr Gesundheit\",\"description\":\"\",\"publisher\":{\"@id\":\"https:\\\/\\\/www.salvida.at\\\/en\\\/#organization\"},\"potentialAction\":[{\"@type\":\"SearchAction\",\"target\":{\"@type\":\"EntryPoint\",\"urlTemplate\":\"https:\\\/\\\/www.salvida.at\\\/en\\\/?s={search_term_string}\"},\"query-input\":{\"@type\":\"PropertyValueSpecification\",\"valueRequired\":true,\"valueName\":\"search_term_string\"}}],\"inLanguage\":\"en-US\"},{\"@type\":\"Organization\",\"@id\":\"https:\\\/\\\/www.salvida.at\\\/en\\\/#organization\",\"name\":\"Salvida - Zentrum f\u00fcr Gesundheit\",\"url\":\"https:\\\/\\\/www.salvida.at\\\/en\\\/\",\"logo\":{\"@type\":\"ImageObject\",\"inLanguage\":\"en-US\",\"@id\":\"https:\\\/\\\/www.salvida.at\\\/en\\\/#\\\/schema\\\/logo\\\/image\\\/\",\"url\":\"https:\\\/\\\/www.salvida.at\\\/wp-content\\\/uploads\\\/2024\\\/09\\\/SALV_logo-final.svg\",\"contentUrl\":\"https:\\\/\\\/www.salvida.at\\\/wp-content\\\/uploads\\\/2024\\\/09\\\/SALV_logo-final.svg\",\"width\":486,\"height\":434,\"caption\":\"Salvida - Zentrum f\u00fcr Gesundheit\"},\"image\":{\"@id\":\"https:\\\/\\\/www.salvida.at\\\/en\\\/#\\\/schema\\\/logo\\\/image\\\/\"},\"sameAs\":[\"https:\\\/\\\/www.facebook.com\\\/salvida.gesundheit\\\/\",\"https:\\\/\\\/www.instagram.com\\\/salvida.gesundheit\\\/\",\"https:\\\/\\\/www.youtube.com\\\/playlist?list=PLUZayzt3ZEUxbQeYdhr5X4MlCRpr3b4fX\"]}]}<\/script>\n<!-- \/ Yoast SEO plugin. -->","yoast_head_json":{"title":"Dr. Rui Feteira - Salvida - Zentrum f\u00fcr Gesundheit","robots":{"index":"index","follow":"follow","max-snippet":"max-snippet:-1","max-image-preview":"max-image-preview:large","max-video-preview":"max-video-preview:-1"},"canonical":"https:\/\/www.salvida.at\/en\/doctors\/dr-rui-feteira\/","og_locale":"en_US","og_type":"article","og_title":"Dr. Rui Feteira - Salvida - Zentrum f\u00fcr Gesundheit","og_description":"Mit meiner Erfahrung behandle und begleite ich Sie auf dem Weg zur Schmerzfreiheit. In meiner unfallchirurgischen und orthop\u00e4dischen Ausbildung habe ich mich t\u00e4glich mit Sportunf\u00e4llen sowie mit orthop\u00e4dischen degenerativen Krankheiten besch\u00e4ftigt. Abgesehen von einer breit gef\u00e4cherten konservativen und operativen Versorgung, habe ich in der H\u00fcft- und Kniechirurgie besonderes Interesse entwickelt. Mit den im Inland und [&hellip;]","og_url":"https:\/\/www.salvida.at\/en\/doctors\/dr-rui-feteira\/","og_site_name":"Salvida - Zentrum f\u00fcr Gesundheit","article_publisher":"https:\/\/www.facebook.com\/salvida.gesundheit\/","article_modified_time":"2025-05-06T16:43:44+00:00","og_image":[{"width":2560,"height":1707,"url":"https:\/\/www.salvida.at\/wp-content\/uploads\/2025\/02\/Salvida_Rui-Feteira-2-scaled-1.jpg","type":"image\/jpeg"}],"twitter_card":"summary_large_image","schema":{"@context":"https:\/\/schema.org","@graph":[{"@type":"WebPage","@id":"https:\/\/www.salvida.at\/en\/doctors\/dr-rui-feteira\/","url":"https:\/\/www.salvida.at\/en\/doctors\/dr-rui-feteira\/","name":"Dr. Rui Feteira - Salvida - Zentrum f\u00fcr Gesundheit","isPartOf":{"@id":"https:\/\/www.salvida.at\/en\/#website"},"primaryImageOfPage":{"@id":"https:\/\/www.salvida.at\/en\/doctors\/dr-rui-feteira\/#primaryimage"},"image":{"@id":"https:\/\/www.salvida.at\/en\/doctors\/dr-rui-feteira\/#primaryimage"},"thumbnailUrl":"https:\/\/www.salvida.at\/wp-content\/uploads\/2025\/02\/Salvida_Rui-Feteira-2-scaled-1.jpg","datePublished":"2022-12-02T14:50:40+00:00","dateModified":"2025-05-06T16:43:44+00:00","breadcrumb":{"@id":"https:\/\/www.salvida.at\/en\/doctors\/dr-rui-feteira\/#breadcrumb"},"inLanguage":"en-US","potentialAction":[{"@type":"ReadAction","target":["https:\/\/www.salvida.at\/en\/doctors\/dr-rui-feteira\/"]}]},{"@type":"ImageObject","inLanguage":"en-US","@id":"https:\/\/www.salvida.at\/en\/doctors\/dr-rui-feteira\/#primaryimage","url":"https:\/\/www.salvida.at\/wp-content\/uploads\/2025\/02\/Salvida_Rui-Feteira-2-scaled-1.jpg","contentUrl":"https:\/\/www.salvida.at\/wp-content\/uploads\/2025\/02\/Salvida_Rui-Feteira-2-scaled-1.jpg","width":2560,"height":1707,"caption":"||"},{"@type":"BreadcrumbList","@id":"https:\/\/www.salvida.at\/en\/doctors\/dr-rui-feteira\/#breadcrumb","itemListElement":[{"@type":"ListItem","position":1,"name":"Startseite","item":"https:\/\/www.salvida.at\/en\/"},{"@type":"ListItem","position":2,"name":"\u00c4rtze & Therapeuten","item":"https:\/\/www.salvida.at\/en\/doctors\/"},{"@type":"ListItem","position":3,"name":"Dr. Rui Feteira"}]},{"@type":"WebSite","@id":"https:\/\/www.salvida.at\/en\/#website","url":"https:\/\/www.salvida.at\/en\/","name":"Salvida - Zentrum f\u00fcr Gesundheit","description":"","publisher":{"@id":"https:\/\/www.salvida.at\/en\/#organization"},"potentialAction":[{"@type":"SearchAction","target":{"@type":"EntryPoint","urlTemplate":"https:\/\/www.salvida.at\/en\/?s={search_term_string}"},"query-input":{"@type":"PropertyValueSpecification","valueRequired":true,"valueName":"search_term_string"}}],"inLanguage":"en-US"},{"@type":"Organization","@id":"https:\/\/www.salvida.at\/en\/#organization","name":"Salvida - Zentrum f\u00fcr Gesundheit","url":"https:\/\/www.salvida.at\/en\/","logo":{"@type":"ImageObject","inLanguage":"en-US","@id":"https:\/\/www.salvida.at\/en\/#\/schema\/logo\/image\/","url":"https:\/\/www.salvida.at\/wp-content\/uploads\/2024\/09\/SALV_logo-final.svg","contentUrl":"https:\/\/www.salvida.at\/wp-content\/uploads\/2024\/09\/SALV_logo-final.svg","width":486,"height":434,"caption":"Salvida - Zentrum f\u00fcr Gesundheit"},"image":{"@id":"https:\/\/www.salvida.at\/en\/#\/schema\/logo\/image\/"},"sameAs":["https:\/\/www.facebook.com\/salvida.gesundheit\/","https:\/\/www.instagram.com\/salvida.gesundheit\/","https:\/\/www.youtube.com\/playlist?list=PLUZayzt3ZEUxbQeYdhr5X4MlCRpr3b4fX"]}]}},"publishpress_future_action":{"enabled":false,"date":"2026-05-08 04:26:58","action":"change-status","newStatus":"draft","terms":[],"taxonomy":"","extraData":[]},"publishpress_future_workflow_manual_trigger":{"enabledWorkflows":[]},"_links":{"self":[{"href":"https:\/\/www.salvida.at\/en\/wp-json\/wp\/v2\/aertze\/5622","targetHints":{"allow":["GET"]}}],"collection":[{"href":"https:\/\/www.salvida.at\/en\/wp-json\/wp\/v2\/aertze"}],"about":[{"href":"https:\/\/www.salvida.at\/en\/wp-json\/wp\/v2\/types\/aertze"}],"wp:featuredmedia":[{"embeddable":true,"href":"https:\/\/www.salvida.at\/en\/wp-json\/wp\/v2\/media\/5624"}],"wp:attachment":[{"href":"https:\/\/www.salvida.at\/en\/wp-json\/wp\/v2\/media?parent=5622"}],"curies":[{"name":"wp","href":"https:\/\/api.w.org\/{rel}","templated":true}]}}